{"id":130,"date":"2013-01-18T16:53:54","date_gmt":"2013-01-18T14:53:54","guid":{"rendered":"https:\/\/www.paroisses-paysdecernay.fr\/wordpress\/?page_id=130"},"modified":"2026-04-06T10:32:54","modified_gmt":"2026-04-06T08:32:54","slug":"accueil","status":"publish","type":"page","link":"https:\/\/www.paroisses-paysdecernay.fr\/","title":{"rendered":"Bienvenue sur le site de la Communaut\u00e9 de Paroisses du pays de Cernay"},"content":{"rendered":"\n<p>Page mise \u00e0 jour le 6 avril 2026<\/p>\n\n\n\n<figure class=\"wp-block-image size-large\"><a href=\"https:\/\/www.paroisses-paysdecernay.fr\/wordpress\/wp-content\/uploads\/2026\/04\/20260404_2010301-scaled.jpg\"><img loading=\"lazy\" decoding=\"async\" width=\"1024\" height=\"576\" src=\"https:\/\/www.paroisses-paysdecernay.fr\/wordpress\/wp-content\/uploads\/2026\/04\/20260404_2010301-1024x576.jpg\" alt=\"\" class=\"wp-image-16870\" srcset=\"https:\/\/www.paroisses-paysdecernay.fr\/wordpress\/wp-content\/uploads\/2026\/04\/20260404_2010301-1024x576.jpg 1024w, https:\/\/www.paroisses-paysdecernay.fr\/wordpress\/wp-content\/uploads\/2026\/04\/20260404_2010301-300x169.jpg 300w, https:\/\/www.paroisses-paysdecernay.fr\/wordpress\/wp-content\/uploads\/2026\/04\/20260404_2010301-768x432.jpg 768w, https:\/\/www.paroisses-paysdecernay.fr\/wordpress\/wp-content\/uploads\/2026\/04\/20260404_2010301-1536x864.jpg 1536w, https:\/\/www.paroisses-paysdecernay.fr\/wordpress\/wp-content\/uploads\/2026\/04\/20260404_2010301-2048x1152.jpg 2048w, https:\/\/www.paroisses-paysdecernay.fr\/wordpress\/wp-content\/uploads\/2026\/04\/20260404_2010301-624x351.jpg 624w\" sizes=\"auto, (max-width: 1024px) 100vw, 1024px\" \/><\/a><\/figure>\n\n\n\n<p><br><\/p>\n\n\n\n<p>Ci-dessous, juste un clic pour voir en 20 minutes, un film sur l&rsquo;histoire de l&rsquo;\u00e9glise Saint-Etienne et les festivit\u00e9s du centenaire de la cons\u00e9cration de notre \u00e9glise :<\/p>\n\n\n\n<figure class=\"wp-block-video\"><video height=\"720\" style=\"aspect-ratio: 1280 \/ 720;\" width=\"1280\" controls src=\"https:\/\/www.paroisses-paysdecernay.fr\/wordpress\/wp-content\/uploads\/2026\/01\/film-centenaire.mp4\"><\/video><\/figure>\n\n\n\n<figure class=\"wp-block-image size-large\"><a href=\"https:\/\/www.paroisses-paysdecernay.fr\/wordpress\/wp-content\/uploads\/2026\/03\/04-PLANNING-DES-MESSES-AVRIL-2026_page-0001.jpg\"><img loading=\"lazy\" decoding=\"async\" width=\"724\" height=\"1024\" src=\"https:\/\/www.paroisses-paysdecernay.fr\/wordpress\/wp-content\/uploads\/2026\/03\/04-PLANNING-DES-MESSES-AVRIL-2026_page-0001-724x1024.jpg\" alt=\"\" class=\"wp-image-16772\" srcset=\"https:\/\/www.paroisses-paysdecernay.fr\/wordpress\/wp-content\/uploads\/2026\/03\/04-PLANNING-DES-MESSES-AVRIL-2026_page-0001-724x1024.jpg 724w, https:\/\/www.paroisses-paysdecernay.fr\/wordpress\/wp-content\/uploads\/2026\/03\/04-PLANNING-DES-MESSES-AVRIL-2026_page-0001-212x300.jpg 212w, https:\/\/www.paroisses-paysdecernay.fr\/wordpress\/wp-content\/uploads\/2026\/03\/04-PLANNING-DES-MESSES-AVRIL-2026_page-0001-768x1086.jpg 768w, https:\/\/www.paroisses-paysdecernay.fr\/wordpress\/wp-content\/uploads\/2026\/03\/04-PLANNING-DES-MESSES-AVRIL-2026_page-0001-1086x1536.jpg 1086w, https:\/\/www.paroisses-paysdecernay.fr\/wordpress\/wp-content\/uploads\/2026\/03\/04-PLANNING-DES-MESSES-AVRIL-2026_page-0001-624x882.jpg 624w, https:\/\/www.paroisses-paysdecernay.fr\/wordpress\/wp-content\/uploads\/2026\/03\/04-PLANNING-DES-MESSES-AVRIL-2026_page-0001.jpg 1241w\" sizes=\"auto, (max-width: 724px) 100vw, 724px\" \/><\/a><\/figure>\n\n\n\n<div class=\"wp-block-columns is-layout-flex wp-container-core-columns-is-layout-9d6595d7 wp-block-columns-is-layout-flex\">\n<div class=\"wp-block-column is-layout-flow wp-block-column-is-layout-flow\" style=\"flex-basis:55%\">\n<p class=\"has-light-gray-background-color has-background\"> <strong>Presbyt\u00e8re de Cernay<br>Maison Paroissiale<\/strong><br>35 rue des Fabriques<br>68700 Cernay<br>03 89 75 54 05 <\/p>\n<\/div>\n\n\n\n<div class=\"wp-block-column is-layout-flow wp-block-column-is-layout-flow\" style=\"flex-basis:5%\">\n<figure class=\"wp-block-image size-full is-resized\"><a href=\"https:\/\/www.paroisses-paysdecernay.fr\/wordpress\/?page_id=155\"><img loading=\"lazy\" decoding=\"async\" width=\"25\" height=\"25\" src=\"https:\/\/www.paroisses-paysdecernay.fr\/wordpress\/wp-content\/uploads\/2021\/12\/icon_contact.gif\" alt=\"\" class=\"wp-image-10480\" style=\"width:31px;height:auto\"\/><\/a><\/figure>\n<\/div>\n\n\n\n<div class=\"wp-block-column is-layout-flow wp-block-column-is-layout-flow\" style=\"flex-basis:90%\">\n<p><\/p>\n\n\n\n<p><\/p>\n\n\n\n<p><strong>Pr\u00eatres retrait\u00e9s :<\/strong><br>Abb\u00e9 Etienne Burger :          03 89 28 14 27<br>Abb\u00e9 Jean-Paul Stutz :          03 89 39 76 35<br>Abb\u00e9 J-Paul Freudenreich :  03 89 75 57 10<\/p>\n<\/div>\n\n\n\n<div class=\"wp-block-column is-layout-flow wp-block-column-is-layout-flow\" style=\"flex-basis:5%\"><\/div>\n<\/div>\n\n\n\n<div class=\"wp-block-columns is-layout-flex wp-container-core-columns-is-layout-9d6595d7 wp-block-columns-is-layout-flex\">\n<div class=\"wp-block-column is-layout-flow wp-block-column-is-layout-flow\">\n<div class=\"wp-block-columns is-layout-flex wp-container-core-columns-is-layout-9d6595d7 wp-block-columns-is-layout-flex\">\n<div class=\"wp-block-column is-layout-flow wp-block-column-is-layout-flow\" style=\"flex-basis:90%\">\n<p class=\"has-background\" style=\"background-color:#f6eedf\"><strong>Cur\u00e9<\/strong><br>Matthieu Alokpa<br>03 89 75 54 05<br>sauf le lundi<\/p>\n<\/div>\n\n\n\n<div class=\"wp-block-column is-layout-flow wp-block-column-is-layout-flow\" style=\"flex-basis:10%\">\n<figure class=\"wp-block-image size-full\"><a href=\"https:\/\/www.paroisses-paysdecernay.fr\/wordpress\/?page_id=148\"><img loading=\"lazy\" decoding=\"async\" width=\"25\" height=\"25\" src=\"https:\/\/www.paroisses-paysdecernay.fr\/wordpress\/wp-content\/uploads\/2021\/12\/icon_contact.gif\" alt=\"\" class=\"wp-image-10480\"\/><\/a><\/figure>\n<\/div>\n<\/div>\n\n\n\n<p><strong>Permanences de Cernay<\/strong><br>Mardi, mercredi, jeudi et vendredi de 10h \u00e0 12h<br>03 89 75 54 05<\/p>\n\n\n\n<p><strong>Presbyt\u00e8re de Steinbach<\/strong> <br>07 80 13 53 65<br>permanence le premier et troisi\u00e8me jeudi du mois de 16h30 \u00e0 18h<\/p>\n\n\n\n<p><strong>Presbyt\u00e8re d&rsquo;Uffholtz<\/strong><br>03 89 75 41 83<br>permanence le jeudi de 16h \u00e0 17h30<\/p>\n\n\n\n<p><strong>Presbyt\u00e8re de Wattwiller<\/strong><br>03 89 75 42 86<br>permanence le vendredi de 16h \u00e0 17h30<\/p>\n\n\n\n<p><strong>Diacre<\/strong> : Francis Bollinger<\/p>\n\n\n\n<div class=\"wp-block-columns is-layout-flex wp-container-core-columns-is-layout-9d6595d7 wp-block-columns-is-layout-flex\">\n<div class=\"wp-block-column is-layout-flow wp-block-column-is-layout-flow\" style=\"flex-basis:90%\">\n<p class=\"has-background\" style=\"background-color:#f6eedf\"><strong>Pastorale des enfants<\/strong> <br>Simone Doerflinger<br>06 80 04 86 10<br><\/p>\n<\/div>\n\n\n\n<div class=\"wp-block-column is-layout-flow wp-block-column-is-layout-flow\" style=\"flex-basis:10%\">\n<figure class=\"wp-block-image size-full\"><a href=\"https:\/\/www.paroissespaysdecernay.fr\/wordpress\/?page_id=3663\"><img loading=\"lazy\" decoding=\"async\" width=\"25\" height=\"25\" src=\"https:\/\/www.paroisses-paysdecernay.fr\/wordpress\/wp-content\/uploads\/2021\/12\/icon_contact.gif\" alt=\"\" class=\"wp-image-10480\"\/><\/a><\/figure>\n<\/div>\n<\/div>\n\n\n\n<div class=\"wp-block-columns is-layout-flex wp-container-core-columns-is-layout-9d6595d7 wp-block-columns-is-layout-flex\">\n<div class=\"wp-block-column is-layout-flow wp-block-column-is-layout-flow\" style=\"flex-basis:90%\">\n<p class=\"has-background\" style=\"background-color:#f6eedf\"><strong>P\u00f4le Annonce de la foi<\/strong> <br>Simone Doerflinger<br>06 80 04 86 10<\/p>\n<\/div>\n\n\n\n<div class=\"wp-block-column is-layout-flow wp-block-column-is-layout-flow\" style=\"flex-basis:10%\">\n<figure class=\"wp-block-image size-full\"><a href=\"https:\/\/www.paroisses-paysdecernay.fr\/wordpress\/?page_id=10808\"><img loading=\"lazy\" decoding=\"async\" width=\"25\" height=\"25\" src=\"https:\/\/www.paroisses-paysdecernay.fr\/wordpress\/wp-content\/uploads\/2021\/12\/icon_contact.gif\" alt=\"\" class=\"wp-image-10480\"\/><\/a><\/figure>\n<\/div>\n<\/div>\n\n\n\n<div class=\"wp-block-columns is-layout-flex wp-container-core-columns-is-layout-9d6595d7 wp-block-columns-is-layout-flex\">\n<div class=\"wp-block-column is-layout-flow wp-block-column-is-layout-flow\" style=\"flex-basis:90%\">\n<p class=\"has-background\" style=\"background-color:#eef3ea\"><strong>Bulletin de la communaut\u00e9 de paroisses<\/strong> :<br>Patrick Laclavere<br>06 09 90 25 25<\/p>\n<\/div>\n\n\n\n<div class=\"wp-block-column is-layout-flow wp-block-column-is-layout-flow\" style=\"flex-basis:10%\">\n<figure class=\"wp-block-image size-full\"><a href=\"https:\/\/www.paroisses-paysdecernay.fr\/wordpress\/?page_id=6031\"><img loading=\"lazy\" decoding=\"async\" width=\"25\" height=\"25\" src=\"https:\/\/www.paroisses-paysdecernay.fr\/wordpress\/wp-content\/uploads\/2021\/12\/icon_contact.gif\" alt=\"\" class=\"wp-image-10480\"\/><\/a><\/figure>\n\n\n\n<p>.<\/p>\n<\/div>\n<\/div>\n\n\n\n<div class=\"wp-block-columns is-layout-flex wp-container-core-columns-is-layout-9d6595d7 wp-block-columns-is-layout-flex\">\n<div class=\"wp-block-column is-layout-flow wp-block-column-is-layout-flow\" style=\"flex-basis:90%\">\n<p class=\"has-background\" style=\"background-color:#eef3ea\"> <strong><a href=\"https:\/\/www.paroisses-paysdecernay.fr\/?page_id=8234\" data-type=\"page\" data-id=\"8234\">Caritas Cernay <\/a><\/strong><br>Fran\u00e7oise Martin<br>06 74 02 21 70 <\/p>\n<\/div>\n\n\n\n<div class=\"wp-block-column is-layout-flow wp-block-column-is-layout-flow\" style=\"flex-basis:10%\">\n<figure class=\"wp-block-image size-full\"><a href=\"https:\/\/www.paroisses-paysdecernay.fr\/wordpress\/?page_id=8450\"><img loading=\"lazy\" decoding=\"async\" width=\"25\" height=\"25\" src=\"https:\/\/www.paroisses-paysdecernay.fr\/wordpress\/wp-content\/uploads\/2021\/12\/icon_contact.gif\" alt=\"\" class=\"wp-image-10480\"\/><\/a><\/figure>\n<\/div>\n<\/div>\n\n\n\n<div class=\"wp-block-columns is-layout-flex wp-container-core-columns-is-layout-9d6595d7 wp-block-columns-is-layout-flex\">\n<div class=\"wp-block-column is-layout-flow wp-block-column-is-layout-flow\" style=\"flex-basis:90%\">\n<p class=\"has-background\" style=\"background-color:#eef3ea\"><strong>Webmestre <\/strong><br>Michel Flieg<br>06 80 84 87 95<\/p>\n<\/div>\n\n\n\n<div class=\"wp-block-column is-layout-flow wp-block-column-is-layout-flow\" style=\"flex-basis:10%\">\n<figure class=\"wp-block-image size-full\"><a href=\"https:\/\/www.paroisses-paysdecernay.fr\/wordpress\/?page_id=495\"><img loading=\"lazy\" decoding=\"async\" width=\"25\" height=\"25\" src=\"https:\/\/www.paroisses-paysdecernay.fr\/wordpress\/wp-content\/uploads\/2021\/12\/icon_contact.gif\" alt=\"\" class=\"wp-image-10480\"\/><\/a><\/figure>\n<\/div>\n<\/div>\n\n\n\n<div class=\"wp-block-columns is-layout-flex wp-container-core-columns-is-layout-9d6595d7 wp-block-columns-is-layout-flex\">\n<div class=\"wp-block-column is-layout-flow wp-block-column-is-layout-flow\" style=\"flex-basis:90%\">\n<p class=\"has-background\" style=\"background-color:#eef3ea\"><strong>Animatrice de Zone<\/strong> <strong>Lauch-Thur-Doller<\/strong><br>Sandra PAPIRER <br><a href=\"https:\/\/www.alsace.catholique.fr\/accueil\/lexique\/zp\">zp<\/a>.lauchthurdoller@outlook.fr<br><\/p>\n<\/div>\n\n\n\n<div class=\"wp-block-column is-layout-flow wp-block-column-is-layout-flow\" style=\"flex-basis:10%\">\n<figure class=\"wp-block-image size-full\"><a href=\"https:\/\/www.alsace.catholique.fr\/zp-thur-et-doller\/\"><img loading=\"lazy\" decoding=\"async\" width=\"25\" height=\"25\" src=\"https:\/\/www.paroisses-paysdecernay.fr\/wordpress\/wp-content\/uploads\/2021\/12\/icon_contact.gif\" alt=\"\" class=\"wp-image-10480\"\/><\/a><\/figure>\n<\/div>\n<\/div>\n\n\n\n<div class=\"wp-block-columns is-layout-flex wp-container-core-columns-is-layout-9d6595d7 wp-block-columns-is-layout-flex\">\n<div class=\"wp-block-column is-layout-flow wp-block-column-is-layout-flow\" style=\"flex-basis:90%\">\n<p class=\"has-background\" style=\"background-color:#f6eedf\"><strong>P\u00f4le Liturgie <\/strong><br>Marie-Ang\u00e8le Matthey &#8211; Florian L\u00f6w<br>liturgie@paroisses-paysdecernay.fr<\/p>\n<\/div>\n\n\n\n<div class=\"wp-block-column is-layout-flow wp-block-column-is-layout-flow\" style=\"flex-basis:10%\">\n<figure class=\"wp-block-image size-full\"><a href=\"https:\/\/www.paroisses-paysdecernay.fr\/wordpress\/?page_id=10437\"><img loading=\"lazy\" decoding=\"async\" width=\"25\" height=\"25\" src=\"https:\/\/www.paroisses-paysdecernay.fr\/wordpress\/wp-content\/uploads\/2021\/12\/icon_contact.gif\" alt=\"\" class=\"wp-image-10480\"\/><\/a><\/figure>\n<\/div>\n<\/div>\n\n\n\n<div class=\"wp-block-columns is-layout-flex wp-container-core-columns-is-layout-9d6595d7 wp-block-columns-is-layout-flex\">\n<div class=\"wp-block-column is-layout-flow wp-block-column-is-layout-flow\" style=\"flex-basis:90%\">\n<p class=\"has-background\" style=\"background-color:#f6eede\"><strong>P\u00f4le communication<\/strong><br>Aur\u00e9lie et Yannick Finck<br>communication@paroisses-paysdecernay.fr<\/p>\n<\/div>\n\n\n\n<div class=\"wp-block-column is-layout-flow wp-block-column-is-layout-flow\" style=\"flex-basis:10%\">\n<figure class=\"wp-block-image size-full\"><a href=\"https:\/\/www.paroisses-paysdecernay.fr\/wordpress\/?page_id=10267\"><img loading=\"lazy\" decoding=\"async\" width=\"25\" height=\"25\" src=\"https:\/\/www.paroisses-paysdecernay.fr\/wordpress\/wp-content\/uploads\/2021\/12\/icon_contact.gif\" alt=\"\" class=\"wp-image-10480\"\/><\/a><\/figure>\n<\/div>\n<\/div>\n\n\n\n<div class=\"wp-block-columns is-layout-flex wp-container-core-columns-is-layout-9d6595d7 wp-block-columns-is-layout-flex\">\n<div class=\"wp-block-column is-layout-flow wp-block-column-is-layout-flow\" style=\"flex-basis:90%\">\n<p class=\"has-background\" style=\"background-color:#f6eedf\"><strong>Eglise verte<\/strong><br>06 85 62 65 98<br>eglise.verte@paroisses-paysdecernay.fr<\/p>\n<\/div>\n\n\n\n<div class=\"wp-block-column is-layout-flow wp-block-column-is-layout-flow\" style=\"flex-basis:10%\">\n<figure class=\"wp-block-image size-full\"><a href=\"https:\/\/www.paroisses-paysdecernay.fr\/wordpress\/?page_id=5989\"><img loading=\"lazy\" decoding=\"async\" width=\"25\" height=\"25\" src=\"https:\/\/www.paroisses-paysdecernay.fr\/wordpress\/wp-content\/uploads\/2021\/12\/icon_contact.gif\" alt=\"\" class=\"wp-image-10480\"\/><\/a><\/figure>\n<\/div>\n<\/div>\n\n\n\n<div class=\"wp-block-columns is-layout-flex wp-container-core-columns-is-layout-9d6595d7 wp-block-columns-is-layout-flex\">\n<div class=\"wp-block-column is-layout-flow wp-block-column-is-layout-flow\" style=\"flex-basis:90%\">\n<p class=\"has-background\" style=\"background-color:#f6eedf\"><strong>P\u00f4le solidarit\u00e9<\/strong><br>Laetitia Waltz<br>solidarite@paroisses-paysdecernay.fr<\/p>\n<\/div>\n\n\n\n<div class=\"wp-block-column is-layout-flow wp-block-column-is-layout-flow\" style=\"flex-basis:10%\">\n<figure class=\"wp-block-image size-full\"><a href=\"https:\/\/www.paroisses-paysdecernay.fr\/wordpress\/?page_id=10563\"><img loading=\"lazy\" decoding=\"async\" width=\"25\" height=\"25\" src=\"https:\/\/www.paroisses-paysdecernay.fr\/wordpress\/wp-content\/uploads\/2021\/12\/icon_contact.gif\" alt=\"\" class=\"wp-image-10480\"\/><\/a><\/figure>\n<\/div>\n<\/div>\n\n\n\n<div class=\"wp-block-columns is-layout-flex wp-container-core-columns-is-layout-9d6595d7 wp-block-columns-is-layout-flex\">\n<div class=\"wp-block-column is-layout-flow wp-block-column-is-layout-flow\" style=\"flex-basis:66.66%\">\n<p><\/p>\n<\/div>\n<\/div>\n<\/div>\n<\/div>\n","protected":false},"excerpt":{"rendered":"<p>Page mise \u00e0 jour le 6 avril 2026 Ci-dessous, juste un clic pour voir en 20 minutes, un film sur l&rsquo;histoire de l&rsquo;\u00e9glise Saint-Etienne et les festivit\u00e9s du centenaire de [&hellip;]<\/p>\n","protected":false},"author":1,"featured_media":0,"parent":0,"menu_order":0,"comment_status":"closed","ping_status":"open","template":"","meta":{"footnotes":""},"class_list":["post-130","page","type-page","status-publish","hentry"],"_links":{"self":[{"href":"https:\/\/www.paroisses-paysdecernay.fr\/wordpress\/index.php?rest_route=\/wp\/v2\/pages\/130","targetHints":{"allow":["GET"]}}],"collection":[{"href":"https:\/\/www.paroisses-paysdecernay.fr\/wordpress\/index.php?rest_route=\/wp\/v2\/pages"}],"about":[{"href":"https:\/\/www.paroisses-paysdecernay.fr\/wordpress\/index.php?rest_route=\/wp\/v2\/types\/page"}],"author":[{"embeddable":true,"href":"https:\/\/www.paroisses-paysdecernay.fr\/wordpress\/index.php?rest_route=\/wp\/v2\/users\/1"}],"replies":[{"embeddable":true,"href":"https:\/\/www.paroisses-paysdecernay.fr\/wordpress\/index.php?rest_route=%2Fwp%2Fv2%2Fcomments&post=130"}],"version-history":[{"count":623,"href":"https:\/\/www.paroisses-paysdecernay.fr\/wordpress\/index.php?rest_route=\/wp\/v2\/pages\/130\/revisions"}],"predecessor-version":[{"id":16873,"href":"https:\/\/www.paroisses-paysdecernay.fr\/wordpress\/index.php?rest_route=\/wp\/v2\/pages\/130\/revisions\/16873"}],"wp:attachment":[{"href":"https:\/\/www.paroisses-paysdecernay.fr\/wordpress\/index.php?rest_route=%2Fwp%2Fv2%2Fmedia&parent=130"}],"curies":[{"name":"wp","href":"https:\/\/api.w.org\/{rel}","templated":true}]}}